{"id":1725,"date":"2020-10-03T08:54:31","date_gmt":"2020-10-03T08:54:31","guid":{"rendered":"http:\/\/dorisroller.de\/?page_id=1725"},"modified":"2020-10-14T13:44:33","modified_gmt":"2020-10-14T13:44:33","slug":"datenschutzerklaerung","status":"publish","type":"page","link":"https:\/\/kommunikationerleben.de\/?page_id=1725","title":{"rendered":"Datenschutzerkl\u00e4rung"},"content":{"rendered":"\t\t<div data-elementor-type=\"wp-page\" data-elementor-id=\"1725\" class=\"elementor elementor-1725\" data-elementor-settings=\"[]\">\n\t\t\t\t\t\t<div class=\"elementor-inner\">\n\t\t\t\t\t\t\t<div class=\"elementor-section-wrap\">\n\t\t\t\t\t\t\t<section class=\"elementor-section elementor-top-section elementor-element elementor-element-39219d8 elementor-section-stretched elementor-section-full_width elementor-section-height-min-height elementor-section-items-stretch elementor-section-content-middle elementor-hidden-phone elementor-section-height-default elementor-invisible\" data-id=\"39219d8\" data-element_type=\"section\" data-settings=\"{&quot;stretch_section&quot;:&quot;section-stretched&quot;,&quot;background_background&quot;:&quot;slideshow&quot;,&quot;animation&quot;:&quot;slideInUp&quot;,&quot;background_slideshow_gallery&quot;:[],&quot;background_slideshow_loop&quot;:&quot;yes&quot;,&quot;background_slideshow_slide_duration&quot;:5000,&quot;background_slideshow_slide_transition&quot;:&quot;fade&quot;,&quot;background_slideshow_transition_duration&quot;:500}\">\n\t\t\t\t\t\t<div class=\"elementor-container elementor-column-gap-default\">\n\t\t\t\t\t\t\t<div class=\"elementor-row\">\n\t\t\t\t\t<div class=\"elementor-column elementor-col-100 elementor-top-column elementor-element elementor-element-522ab018\" data-id=\"522ab018\" data-element_type=\"column\" data-settings=\"{&quot;background_background&quot;:&quot;classic&quot;,&quot;animation&quot;:&quot;none&quot;}\">\n\t\t\t<div class=\"elementor-column-wrap elementor-element-populated\">\n\t\t\t\t\t\t\t<div class=\"elementor-widget-wrap\">\n\t\t\t\t\t\t<div class=\"elementor-element elementor-element-3340f068 elementor-widget elementor-widget-text-editor\" data-id=\"3340f068\" data-element_type=\"widget\" data-widget_type=\"text-editor.default\">\n\t\t\t\t<div class=\"elementor-widget-container\">\n\t\t\t\t\t\t\t\t<div class=\"elementor-text-editor elementor-clearfix\">\n\t\t\t\t<h2><span style=\"color: #000000;\">Datenschutzerkl\u00e4rung<\/span><\/h2><h3><strong><span style=\"color: #000000;\">1. Datenschutz auf einen Blick<\/span><\/strong><\/h3><h3><strong><span style=\"color: #000000;\">Allgemeine Hinweise<\/span><\/strong><\/h3><h4><span style=\"color: #000000;\">Die folgenden Hinweise geben einen einfachen \u00dcberblick dar\u00fcber, was mit Ihren personenbezogenen Daten passiert, wenn Sie unsere Website besuchen. Personenbezogene Daten sind alle Daten, mit denen Sie pers\u00f6nlich identifiziert werden k\u00f6nnen. Ausf\u00fchrliche Informationen zum Thema Datenschutz entnehmen Sie unserer unter diesem Text aufgef\u00fchrten Datenschutzerkl\u00e4rung.<\/span><\/h4><h3><strong><span style=\"color: #000000;\">Datenerfassung auf unserer Website<\/span><\/strong><\/h3><h4><strong><span style=\"color: #000000;\">Wer ist verantwortlich f\u00fcr die Datenerfassung auf dieser Website?<\/span><\/strong><\/h4><h4><span style=\"color: #000000;\">Die Datenverarbeitung auf dieser Website erfolgt durch den Websitebetreiber. Dessen Kontaktdaten k\u00f6nnen Sie dem Impressum dieser Website entnehmen.<\/span><\/h4><h4><strong><span style=\"color: #000000;\">Wie erfassen wir Ihre Daten?<\/span><\/strong><\/h4><h4><span style=\"color: #000000;\">Ihre Daten werden zum einen dadurch erhoben, dass Sie uns diese mitteilen. Hierbei kann es sich z.B. um Daten handeln, die Sie in ein Kontaktformular eingeben.<\/span><\/h4><h4><span style=\"color: #000000;\">Andere Daten werden automatisch beim Besuch der Website durch unsere IT-Systeme erfasst. Das sind vor allem technische Daten (z.B. Internetbrowser, Betriebssystem oder Uhrzeit des Seitenaufrufs). Die Erfassung dieser Daten erfolgt automatisch, sobald Sie unsere Website betreten.<\/span><\/h4><h4><strong><span style=\"color: #000000;\">Wof\u00fcr nutzen wir Ihre Daten?<\/span><\/strong><\/h4><h4><span style=\"color: #000000;\">Ein Teil der Daten wird erhoben, um eine fehlerfreie Bereitstellung der Website zu gew\u00e4hrleisten. Andere Daten k\u00f6nnen zur Analyse Ihres Nutzerverhaltens verwendet werden.<\/span><\/h4><h4><strong><span style=\"color: #000000;\">Welche Rechte haben Sie bez\u00fcglich Ihrer Daten?<\/span><\/strong><\/h4><h4><span style=\"color: #000000;\">Sie haben jederzeit das Recht unentgeltlich Auskunft \u00fcber Herkunft, Empf\u00e4nger und Zweck Ihrer gespeicherten personenbezogenen Daten zu erhalten. Sie haben au\u00dferdem ein Recht, die Berichtigung, Sperrung oder L\u00f6schung dieser Daten zu verlangen. Hierzu sowie zu weiteren Fragen zum Thema Datenschutz k\u00f6nnen Sie sich jederzeit unter der im Impressum angegebenen Adresse an uns wenden. Des Weiteren steht Ihnen ein Beschwerderecht bei der zust\u00e4ndigen Aufsichtsbeh\u00f6rde zu.<\/span><\/h4><h3><strong><span style=\"color: #000000;\">2. Allgemeine Hinweise und Pflichtinformationen<\/span><\/strong><\/h3><h3><strong><span style=\"color: #000000;\">Datenschutz<\/span><\/strong><\/h3><h4><span style=\"color: #000000;\">Die Betreiber dieser Seiten nehmen den Schutz Ihrer pers\u00f6nlichen Daten sehr ernst. Wir behandeln Ihre personenbezogenen Daten vertraulich und entsprechend der gesetzlichen Datenschutzvorschriften sowie dieser Datenschutzerkl\u00e4rung.<\/span><\/h4><h4><span style=\"color: #000000;\">Wenn Sie diese Website benutzen, werden verschiedene personenbezogene Daten erhoben. Personenbezogene Daten sind Daten, mit denen Sie pers\u00f6nlich identifiziert werden k\u00f6nnen. Die vorliegende Datenschutzerkl\u00e4rung erl\u00e4utert, welche Daten wir erheben und wof\u00fcr wir sie nutzen. Sie erl\u00e4utert auch, wie und zu welchem Zweck das geschieht.<\/span><\/h4><h4><span style=\"color: #000000;\">Wir weisen darauf hin, dass die Daten\u00fcbertragung im Internet (z.B. bei der Kommunikation per E-Mail) Sicherheitsl\u00fccken aufweisen kann. Ein l\u00fcckenloser Schutz der Daten vor dem Zugriff durch Dritte ist nicht m\u00f6glich.<\/span><\/h4><h3><strong><span style=\"color: #000000;\">Hinweis zur verantwortlichen Stelle<\/span><\/strong><\/h3><h4><span style=\"color: #000000;\">Die verantwortliche Stelle f\u00fcr die Datenverarbeitung auf dieser Website ist:<\/span><\/h4><h4><span style=\"color: #000000;\">Doris Roller<\/span><br \/><span style=\"color: #000000;\">Gustav-Schulenburg-Stra\u00dfe 51<\/span><br \/><span style=\"color: #000000;\">76189 Karlsruhe<\/span><\/h4><h4><span style=\"color: #000000;\">Telefon: +49 721 4671541<\/span><br \/><span style=\"color: #000000;\">Mobil:\u00a0 \u00a0 +49 176 47252917<br \/><\/span><span style=\"color: #000000;\">E-Mail:\u00a0 \u00a0mail@dorisroller.de<\/span><\/h4><h4><span style=\"color: #000000;\">Verantwortliche Stelle ist die nat\u00fcrliche oder juristische Person, die allein oder gemeinsam mit anderen \u00fcber die Zwecke und Mittel der Verarbeitung von personenbezogenen Daten (z.B. Namen, E-Mail-Adressen o. \u00c4.) entscheidet.<\/span><\/h4><h3><strong><span style=\"color: #000000;\">Widerruf Ihrer Einwilligung zur Datenverarbeitung<\/span><\/strong><\/h3><h4><span style=\"color: #000000;\">Viele Datenverarbeitungsvorg\u00e4nge sind nur mit Ihrer ausdr\u00fccklichen Einwilligung m\u00f6glich. Sie k\u00f6nnen eine bereits erteilte Einwilligung jederzeit widerrufen. Dazu reicht eine formlose Mitteilung per E-Mail an uns. Die Rechtm\u00e4\u00dfigkeit der bis zum Widerruf erfolgten Datenverarbeitung bleibt vom Widerruf unber\u00fchrt.<\/span><\/h4><h3><strong><span style=\"color: #000000;\">Beschwerderecht bei der zust\u00e4ndigen Aufsichtsbeh\u00f6rde<\/span><\/strong><\/h3><h4><span style=\"color: #000000;\">Im Falle datenschutzrechtlicher Verst\u00f6\u00dfe steht dem Betroffenen ein Beschwerderecht bei der zust\u00e4ndigen Aufsichtsbeh\u00f6rde zu. Zust\u00e4ndige Aufsichtsbeh\u00f6rde in datenschutzrechtlichen Fragen ist der Landesdatenschutzbeauftragte des Bundeslandes, in dem unser Unternehmen seinen Sitz hat. Eine Liste der Datenschutzbeauftragten sowie deren Kontaktdaten k\u00f6nnen folgendem Link entnommen werden: https:\/\/www.bfdi.bund.de\/DE\/Infothek\/Anschriften_Links\/anschriften_links-node.html.<\/span><\/h4><h3><strong><span style=\"color: #000000;\">Recht auf Daten\u00fcbertragbarkeit<\/span><\/strong><\/h3><h4><span style=\"color: #000000;\">Sie haben das Recht, Daten, die wir auf Grundlage Ihrer Einwilligung oder in Erf\u00fcllung eines Vertrags automatisiert verarbeiten, an sich oder an einen Dritten in einem g\u00e4ngigen, maschinenlesbaren Format aush\u00e4ndigen zu lassen. Sofern Sie die direkte \u00dcbertragung der Daten an einen anderen Verantwortlichen verlangen, erfolgt dies nur, soweit es technisch machbar ist.<\/span><\/h4><h3><strong><span style=\"color: #000000;\">SSL- bzw. TLS-Verschl\u00fcsselung<\/span><\/strong><\/h3><h4><span style=\"color: #000000;\">Diese Seite nutzt aus Sicherheitsgr\u00fcnden und zum Schutz der \u00dcbertragung vertraulicher Inhalte, wie zum Beispiel Bestellungen oder Anfragen, die Sie an uns als Seitenbetreiber senden, eine SSL-bzw. TLS-Verschl\u00fcsselung. Eine verschl\u00fcsselte Verbindung erkennen Sie daran, dass die Adresszeile des Browsers von \u201chttp:\/\/\u201d auf \u201chttps:\/\/\u201d wechselt und an dem Schloss-Symbol in Ihrer Browserzeile.<\/span><\/h4><h4><span style=\"color: #000000;\">Wenn die SSL- bzw. TLS-Verschl\u00fcsselung aktiviert ist, k\u00f6nnen die Daten, die Sie an uns \u00fcbermitteln, nicht von Dritten mitgelesen werden.<\/span><\/h4><h3><strong><span style=\"color: #000000;\">Auskunft, Sperrung, L\u00f6schung<\/span><\/strong><\/h3><h4><span style=\"color: #000000;\">Sie haben im Rahmen der geltenden gesetzlichen Bestimmungen jederzeit das Recht auf unentgeltliche Auskunft \u00fcber Ihre gespeicherten personenbezogenen Daten, deren Herkunft und Empf\u00e4nger und den Zweck der Datenverarbeitung und ggf. ein Recht auf Berichtigung, Sperrung oder L\u00f6schung dieser Daten. Hierzu sowie zu weiteren Fragen zum Thema personenbezogene Daten k\u00f6nnen Sie sich jederzeit unter der im Impressum angegebenen Adresse an uns wenden.<\/span><\/h4><h3><strong><span style=\"color: #000000;\">Widerspruch gegen Werbe-Mails<\/span><\/strong><\/h3><h4><span style=\"color: #000000;\">Der Nutzung von im Rahmen der Impressumspflicht ver\u00f6ffentlichten Kontaktdaten zur \u00dcbersendung von nicht ausdr\u00fccklich angeforderter Werbung und Informationsmaterialien wird hiermit widersprochen. Die Betreiber der Seiten behalten sich ausdr\u00fccklich rechtliche Schritte im Falle der unverlangten Zusendung von Werbeinformationen, etwa durch Spam-E-Mails, vor.<\/span><\/h4><h3><strong><span style=\"color: #000000;\">3. Datenerfassung auf unserer Website<\/span><\/strong><\/h3><h3><strong><span style=\"color: #000000;\">Cookies<\/span><\/strong><\/h3><h4><span style=\"color: #000000;\">Die Internetseiten verwenden teilweise so genannte Cookies. Cookies richten auf Ihrem Rechner keinen Schaden an und enthalten keine Viren. Cookies dienen dazu, unser Angebot nutzerfreundlicher, effektiver und sicherer zu machen. Cookies sind kleine Textdateien, die auf Ihrem Rechner abgelegt werden und die Ihr Browser speichert.<\/span><\/h4><h4><span style=\"color: #000000;\">Die meisten der von uns verwendeten Cookies sind so genannte \u201cSession-Cookies\u201d. Sie werden nach Ende Ihres Besuchs automatisch gel\u00f6scht. Andere Cookies bleiben auf Ihrem Endger\u00e4t gespeichert bis Sie diese l\u00f6schen. Diese Cookies erm\u00f6glichen es uns, Ihren Browser beim n\u00e4chsten Besuch wiederzuerkennen.<\/span><\/h4><h4><span style=\"color: #000000;\">Sie k\u00f6nnen Ihren Browser so einstellen, dass Sie \u00fcber das Setzen von Cookies informiert werden und Cookies nur im Einzelfall erlauben, die Annahme von Cookies f\u00fcr bestimmte F\u00e4lle oder generell ausschlie\u00dfen sowie das automatische L\u00f6schen der Cookies beim Schlie\u00dfen des Browser aktivieren. Bei der Deaktivierung von Cookies kann die Funktionalit\u00e4t dieser Website eingeschr\u00e4nkt sein.<\/span><\/h4><h4><span style=\"color: #000000;\">Cookies, die zur Durchf\u00fchrung des elektronischen Kommunikationsvorgangs oder zur Bereitstellung bestimmter, von Ihnen erw\u00fcnschter Funktionen (z.B. Warenkorbfunktion) erforderlich sind, werden auf Grundlage von Art. 6 Abs. 1 lit. f DSGVO gespeichert. Der Websitebetreiber hat ein berechtigtes Interesse an der Speicherung von Cookies zur technisch fehlerfreien und optimierten Bereitstellung seiner Dienste. Soweit andere Cookies (z.B. Cookies zur Analyse Ihres Surfverhaltens) gespeichert werden, werden diese in dieser Datenschutzerkl\u00e4rung gesondert behandelt.<\/span><\/h4><h3><strong><span style=\"color: #000000;\">Server-Log-Dateien<\/span><\/strong><\/h3><h4><span style=\"color: #000000;\">Der Provider der Seiten erhebt und speichert automatisch Informationen in so genannten Server-Log-Dateien, die Ihr Browser automatisch an uns \u00fcbermittelt. Dies sind:<\/span><\/h4><ul><li><span style=\"color: #000000;\">Browsertyp und Browserversion<\/span><\/li><li><span style=\"color: #000000;\">verwendetes Betriebssystem<\/span><\/li><li><span style=\"color: #000000;\">Referrer URL<\/span><\/li><li><span style=\"color: #000000;\">Hostname des zugreifenden Rechners<\/span><\/li><li><span style=\"color: #000000;\">Uhrzeit der Serveranfrage<\/span><\/li><li><span style=\"color: #000000;\">IP-Adresse<\/span><\/li><\/ul><h4><span style=\"color: #000000;\">Eine Zusammenf\u00fchrung dieser Daten mit anderen Datenquellen wird nicht vorgenommen.<\/span><\/h4><h4><span style=\"color: #000000;\">Grundlage f\u00fcr die Datenverarbeitung ist Art. 6 Abs. 1 lit. f DSGVO, der die Verarbeitung von Daten zur Erf\u00fcllung eines Vertrags oder vorvertraglicher Ma\u00dfnahmen gestattet.<\/span><\/h4>\t\t\t\t\t<\/div>\n\t\t\t\t\t\t<\/div>\n\t\t\t\t<\/div>\n\t\t\t\t\t\t<\/div>\n\t\t\t\t\t<\/div>\n\t\t<\/div>\n\t\t\t\t\t\t\t\t<\/div>\n\t\t\t\t\t<\/div>\n\t\t<\/section>\n\t\t\t\t<section class=\"elementor-section elementor-top-section elementor-element elementor-element-593fc2df elementor-section-stretched elementor-section-full_width elementor-hidden-phone elementor-section-height-default elementor-section-height-default\" data-id=\"593fc2df\" data-element_type=\"section\" data-settings=\"{&quot;stretch_section&quot;:&quot;section-stretched&quot;,&quot;background_background&quot;:&quot;classic&quot;}\">\n\t\t\t\t\t\t<div class=\"elementor-container elementor-column-gap-default\">\n\t\t\t\t\t\t\t<div class=\"elementor-row\">\n\t\t\t\t\t<div class=\"elementor-column elementor-col-50 elementor-top-column elementor-element elementor-element-5e30abc3\" data-id=\"5e30abc3\" data-element_type=\"column\" data-settings=\"{&quot;background_background&quot;:&quot;classic&quot;}\">\n\t\t\t<div class=\"elementor-column-wrap elementor-element-populated\">\n\t\t\t\t\t\t\t<div class=\"elementor-widget-wrap\">\n\t\t\t\t\t\t<div class=\"elementor-element elementor-element-95a462c elementor-absolute elementor-widget elementor-widget-text-editor\" data-id=\"95a462c\" data-element_type=\"widget\" data-settings=\"{&quot;_position&quot;:&quot;absolute&quot;}\" data-widget_type=\"text-editor.default\">\n\t\t\t\t<div class=\"elementor-widget-container\">\n\t\t\t\t\t\t\t\t<div class=\"elementor-text-editor elementor-clearfix\">\n\t\t\t\t<p><span style=\"color: #000000;\"><span style=\"color: #0000ff;\"><a href=\"https:\/\/kommunikationerleben.de\/?page_id=208\">Kontakt<\/a><br \/><a href=\"https:\/\/kommunikationerleben.de\/?page_id=143\">Impressum<\/a><br \/><a href=\"https:\/\/kommunikationerleben.de\/?page_id=1725\">Datenschutz<\/a><\/span><\/span><\/p>\t\t\t\t\t<\/div>\n\t\t\t\t\t\t<\/div>\n\t\t\t\t<\/div>\n\t\t\t\t\t\t<\/div>\n\t\t\t\t\t<\/div>\n\t\t<\/div>\n\t\t\t\t<div class=\"elementor-column elementor-col-50 elementor-top-column elementor-element elementor-element-54a27a6b\" data-id=\"54a27a6b\" data-element_type=\"column\" data-settings=\"{&quot;background_background&quot;:&quot;classic&quot;}\">\n\t\t\t<div class=\"elementor-column-wrap elementor-element-populated\">\n\t\t\t\t\t\t\t<div class=\"elementor-widget-wrap\">\n\t\t\t\t\t\t<div class=\"elementor-element elementor-element-4aec6904 elementor-widget elementor-widget-text-editor\" data-id=\"4aec6904\" data-element_type=\"widget\" data-widget_type=\"text-editor.default\">\n\t\t\t\t<div class=\"elementor-widget-container\">\n\t\t\t\t\t\t\t\t<div class=\"elementor-text-editor elementor-clearfix\">\n\t\t\t\t<p><span style=\"color: #ffffff;\">Doris Roller<br \/>Gustav-Schulenburg-Stra\u00dfe 51<br \/>76189 Karlsruhe<\/span><\/p>\t\t\t\t\t<\/div>\n\t\t\t\t\t\t<\/div>\n\t\t\t\t<\/div>\n\t\t\t\t\t\t<\/div>\n\t\t\t\t\t<\/div>\n\t\t<\/div>\n\t\t\t\t\t\t\t\t<\/div>\n\t\t\t\t\t<\/div>\n\t\t<\/section>\n\t\t\t\t<section class=\"elementor-section elementor-top-section elementor-element elementor-element-6ca073a elementor-section-stretched elementor-section-full_width elementor-section-height-min-height elementor-section-items-stretch elementor-section-content-middle elementor-hidden-desktop elementor-hidden-tablet elementor-section-height-default elementor-invisible\" data-id=\"6ca073a\" data-element_type=\"section\" data-settings=\"{&quot;stretch_section&quot;:&quot;section-stretched&quot;,&quot;background_background&quot;:&quot;slideshow&quot;,&quot;animation&quot;:&quot;slideInUp&quot;,&quot;background_slideshow_gallery&quot;:[],&quot;background_slideshow_loop&quot;:&quot;yes&quot;,&quot;background_slideshow_slide_duration&quot;:5000,&quot;background_slideshow_slide_transition&quot;:&quot;fade&quot;,&quot;background_slideshow_transition_duration&quot;:500}\">\n\t\t\t\t\t\t<div class=\"elementor-container elementor-column-gap-default\">\n\t\t\t\t\t\t\t<div class=\"elementor-row\">\n\t\t\t\t\t<div class=\"elementor-column elementor-col-100 elementor-top-column elementor-element elementor-element-3887a45\" data-id=\"3887a45\" data-element_type=\"column\" data-settings=\"{&quot;background_background&quot;:&quot;classic&quot;,&quot;animation&quot;:&quot;none&quot;}\">\n\t\t\t<div class=\"elementor-column-wrap elementor-element-populated\">\n\t\t\t\t\t\t\t<div class=\"elementor-widget-wrap\">\n\t\t\t\t\t\t<div class=\"elementor-element elementor-element-94b5bd8 elementor-widget elementor-widget-text-editor\" data-id=\"94b5bd8\" data-element_type=\"widget\" data-widget_type=\"text-editor.default\">\n\t\t\t\t<div class=\"elementor-widget-container\">\n\t\t\t\t\t\t\t\t<div class=\"elementor-text-editor elementor-clearfix\">\n\t\t\t\t<h1><span style=\"color: #000000;\">Datenschutzerkl\u00e4rung<\/span><\/h1><h3><strong><span style=\"color: #000000;\">1. Datenschutz auf einen Blick<\/span><\/strong><\/h3><h3><strong><span style=\"color: #000000;\">Allgemeine Hinweise<\/span><\/strong><\/h3><h4><span style=\"color: #000000;\">Die folgenden Hinweise geben einen einfachen \u00dcberblick dar\u00fcber, was mit Ihren personenbezogenen Daten passiert, wenn Sie unsere Website besuchen. Personenbezogene Daten sind alle Daten, mit denen Sie pers\u00f6nlich identifiziert werden k\u00f6nnen. Ausf\u00fchrliche Informationen zum Thema Datenschutz entnehmen Sie unserer unter diesem Text aufgef\u00fchrten Datenschutzerkl\u00e4rung.<\/span><\/h4><h3><strong><span style=\"color: #000000;\">Datenerfassung auf unserer Website<\/span><\/strong><\/h3><h4><strong><span style=\"color: #000000;\">Wer ist verantwortlich f\u00fcr die Datenerfassung auf dieser Website?<\/span><\/strong><\/h4><h4><span style=\"color: #000000;\">Die Datenverarbeitung auf dieser Website erfolgt durch den Websitebetreiber. Dessen Kontaktdaten k\u00f6nnen Sie dem Impressum dieser Website entnehmen.<\/span><\/h4><h4><strong><span style=\"color: #000000;\">Wie erfassen wir Ihre Daten?<\/span><\/strong><\/h4><h4><span style=\"color: #000000;\">Ihre Daten werden zum einen dadurch erhoben, dass Sie uns diese mitteilen. Hierbei kann es sich z.B. um Daten handeln, die Sie in ein Kontaktformular eingeben.<\/span><\/h4><h4><span style=\"color: #000000;\">Andere Daten werden automatisch beim Besuch der Website durch unsere IT-Systeme erfasst. Das sind vor allem technische Daten (z.B. Internetbrowser, Betriebssystem oder Uhrzeit des Seitenaufrufs). Die Erfassung dieser Daten erfolgt automatisch, sobald Sie unsere Website betreten.<\/span><\/h4><h4><strong><span style=\"color: #000000;\">Wof\u00fcr nutzen wir Ihre Daten?<\/span><\/strong><\/h4><h4><span style=\"color: #000000;\">Ein Teil der Daten wird erhoben, um eine fehlerfreie Bereitstellung der Website zu gew\u00e4hrleisten. Andere Daten k\u00f6nnen zur Analyse Ihres Nutzerverhaltens verwendet werden.<\/span><\/h4><h4><strong><span style=\"color: #000000;\">Welche Rechte haben Sie bez\u00fcglich Ihrer Daten?<\/span><\/strong><\/h4><h4><span style=\"color: #000000;\">Sie haben jederzeit das Recht unentgeltlich Auskunft \u00fcber Herkunft, Empf\u00e4nger und Zweck Ihrer gespeicherten personenbezogenen Daten zu erhalten. Sie haben au\u00dferdem ein Recht, die Berichtigung, Sperrung oder L\u00f6schung dieser Daten zu verlangen. Hierzu sowie zu weiteren Fragen zum Thema Datenschutz k\u00f6nnen Sie sich jederzeit unter der im Impressum angegebenen Adresse an uns wenden. Des Weiteren steht Ihnen ein Beschwerderecht bei der zust\u00e4ndigen Aufsichtsbeh\u00f6rde zu.<\/span><\/h4><h3><strong><span style=\"color: #000000;\">2. Allgemeine Hinweise und Pflichtinformationen<\/span><\/strong><\/h3><h3><strong><span style=\"color: #000000;\">Datenschutz<\/span><\/strong><\/h3><h4><span style=\"color: #000000;\">Die Betreiber dieser Seiten nehmen den Schutz Ihrer pers\u00f6nlichen Daten sehr ernst. Wir behandeln Ihre personenbezogenen Daten vertraulich und entsprechend der gesetzlichen Datenschutzvorschriften sowie dieser Datenschutzerkl\u00e4rung.<\/span><\/h4><h4><span style=\"color: #000000;\">Wenn Sie diese Website benutzen, werden verschiedene personenbezogene Daten erhoben. Personenbezogene Daten sind Daten, mit denen Sie pers\u00f6nlich identifiziert werden k\u00f6nnen. Die vorliegende Datenschutzerkl\u00e4rung erl\u00e4utert, welche Daten wir erheben und wof\u00fcr wir sie nutzen. Sie erl\u00e4utert auch, wie und zu welchem Zweck das geschieht.<\/span><\/h4><h4><span style=\"color: #000000;\">Wir weisen darauf hin, dass die Daten\u00fcbertragung im Internet (z.B. bei der Kommunikation per E-Mail) Sicherheitsl\u00fccken aufweisen kann. Ein l\u00fcckenloser Schutz der Daten vor dem Zugriff durch Dritte ist nicht m\u00f6glich.<\/span><\/h4><h3><strong><span style=\"color: #000000;\">Hinweis zur verantwortlichen Stelle<\/span><\/strong><\/h3><h4><span style=\"color: #000000;\">Die verantwortliche Stelle f\u00fcr die Datenverarbeitung auf dieser Website ist:<\/span><\/h4><h4><span style=\"color: #000000;\">Doris Roller<\/span><br \/><span style=\"color: #000000;\">Gustav-Schulenburg-Stra\u00dfe 51<\/span><br \/><span style=\"color: #000000;\">76189 Karlsruhe<\/span><\/h4><h4><span style=\"color: #000000;\">Telefon: +49 721 4671541<\/span><br \/><span style=\"color: #000000;\">Mobil:\u00a0 \u00a0 +49 176 47252917<br \/><\/span><span style=\"color: #000000;\">E-Mail:\u00a0 \u00a0mail@dorisroller.de<\/span><\/h4><h4><span style=\"color: #000000;\">Verantwortliche Stelle ist die nat\u00fcrliche oder juristische Person, die allein oder gemeinsam mit anderen \u00fcber die Zwecke und Mittel der Verarbeitung von personenbezogenen Daten (z.B. Namen, E-Mail-Adressen o. \u00c4.) entscheidet.<\/span><\/h4><h3><strong><span style=\"color: #000000;\">Widerruf Ihrer Einwilligung zur Datenverarbeitung<\/span><\/strong><\/h3><h4><span style=\"color: #000000;\">Viele Datenverarbeitungsvorg\u00e4nge sind nur mit Ihrer ausdr\u00fccklichen Einwilligung m\u00f6glich. Sie k\u00f6nnen eine bereits erteilte Einwilligung jederzeit widerrufen. Dazu reicht eine formlose Mitteilung per E-Mail an uns. Die Rechtm\u00e4\u00dfigkeit der bis zum Widerruf erfolgten Datenverarbeitung bleibt vom Widerruf unber\u00fchrt.<\/span><\/h4><h3><strong><span style=\"color: #000000;\">Beschwerderecht bei der zust\u00e4ndigen Aufsichtsbeh\u00f6rde<\/span><\/strong><\/h3><h4><span style=\"color: #000000;\">Im Falle datenschutzrechtlicher Verst\u00f6\u00dfe steht dem Betroffenen ein Beschwerderecht bei der zust\u00e4ndigen Aufsichtsbeh\u00f6rde zu. Zust\u00e4ndige Aufsichtsbeh\u00f6rde in datenschutzrechtlichen Fragen ist der Landesdatenschutzbeauftragte des Bundeslandes, in dem unser Unternehmen seinen Sitz hat. Eine Liste der Datenschutzbeauftragten sowie deren Kontaktdaten k\u00f6nnen folgendem Link entnommen werden: https:\/\/www.bfdi.bund.de\/DE\/Infothek\/Anschriften_Links\/anschriften_links-node.html.<\/span><\/h4><h3><strong><span style=\"color: #000000;\">Recht auf Daten\u00fcbertragbarkeit<\/span><\/strong><\/h3><h4><span style=\"color: #000000;\">Sie haben das Recht, Daten, die wir auf Grundlage Ihrer Einwilligung oder in Erf\u00fcllung eines Vertrags automatisiert verarbeiten, an sich oder an einen Dritten in einem g\u00e4ngigen, maschinenlesbaren Format aush\u00e4ndigen zu lassen. Sofern Sie die direkte \u00dcbertragung der Daten an einen anderen Verantwortlichen verlangen, erfolgt dies nur, soweit es technisch machbar ist.<\/span><\/h4><h3><strong><span style=\"color: #000000;\">SSL- bzw. TLS-Verschl\u00fcsselung<\/span><\/strong><\/h3><h4><span style=\"color: #000000;\">Diese Seite nutzt aus Sicherheitsgr\u00fcnden und zum Schutz der \u00dcbertragung vertraulicher Inhalte, wie zum Beispiel Bestellungen oder Anfragen, die Sie an uns als Seitenbetreiber senden, eine SSL-bzw. TLS-Verschl\u00fcsselung. Eine verschl\u00fcsselte Verbindung erkennen Sie daran, dass die Adresszeile des Browsers von \u201chttp:\/\/\u201d auf \u201chttps:\/\/\u201d wechselt und an dem Schloss-Symbol in Ihrer Browserzeile.<\/span><\/h4><h4><span style=\"color: #000000;\">Wenn die SSL- bzw. TLS-Verschl\u00fcsselung aktiviert ist, k\u00f6nnen die Daten, die Sie an uns \u00fcbermitteln, nicht von Dritten mitgelesen werden.<\/span><\/h4><h3><strong><span style=\"color: #000000;\">Auskunft, Sperrung, L\u00f6schung<\/span><\/strong><\/h3><h4><span style=\"color: #000000;\">Sie haben im Rahmen der geltenden gesetzlichen Bestimmungen jederzeit das Recht auf unentgeltliche Auskunft \u00fcber Ihre gespeicherten personenbezogenen Daten, deren Herkunft und Empf\u00e4nger und den Zweck der Datenverarbeitung und ggf. ein Recht auf Berichtigung, Sperrung oder L\u00f6schung dieser Daten. Hierzu sowie zu weiteren Fragen zum Thema personenbezogene Daten k\u00f6nnen Sie sich jederzeit unter der im Impressum angegebenen Adresse an uns wenden.<\/span><\/h4><h3><strong><span style=\"color: #000000;\">Widerspruch gegen Werbe-Mails<\/span><\/strong><\/h3><h4><span style=\"color: #000000;\">Der Nutzung von im Rahmen der Impressumspflicht ver\u00f6ffentlichten Kontaktdaten zur \u00dcbersendung von nicht ausdr\u00fccklich angeforderter Werbung und Informationsmaterialien wird hiermit widersprochen. Die Betreiber der Seiten behalten sich ausdr\u00fccklich rechtliche Schritte im Falle der unverlangten Zusendung von Werbeinformationen, etwa durch Spam-E-Mails, vor.<\/span><\/h4><h3><strong><span style=\"color: #000000;\">3. Datenerfassung auf unserer Website<\/span><\/strong><\/h3><h3><strong><span style=\"color: #000000;\">Cookies<\/span><\/strong><\/h3><h4><span style=\"color: #000000;\">Die Internetseiten verwenden teilweise so genannte Cookies. Cookies richten auf Ihrem Rechner keinen Schaden an und enthalten keine Viren. Cookies dienen dazu, unser Angebot nutzerfreundlicher, effektiver und sicherer zu machen. Cookies sind kleine Textdateien, die auf Ihrem Rechner abgelegt werden und die Ihr Browser speichert.<\/span><\/h4><h4><span style=\"color: #000000;\">Die meisten der von uns verwendeten Cookies sind so genannte \u201cSession-Cookies\u201d. Sie werden nach Ende Ihres Besuchs automatisch gel\u00f6scht. Andere Cookies bleiben auf Ihrem Endger\u00e4t gespeichert bis Sie diese l\u00f6schen. Diese Cookies erm\u00f6glichen es uns, Ihren Browser beim n\u00e4chsten Besuch wiederzuerkennen.<\/span><\/h4><h4><span style=\"color: #000000;\">Sie k\u00f6nnen Ihren Browser so einstellen, dass Sie \u00fcber das Setzen von Cookies informiert werden und Cookies nur im Einzelfall erlauben, die Annahme von Cookies f\u00fcr bestimmte F\u00e4lle oder generell ausschlie\u00dfen sowie das automatische L\u00f6schen der Cookies beim Schlie\u00dfen des Browser aktivieren. Bei der Deaktivierung von Cookies kann die Funktionalit\u00e4t dieser Website eingeschr\u00e4nkt sein.<\/span><\/h4><h4><span style=\"color: #000000;\">Cookies, die zur Durchf\u00fchrung des elektronischen Kommunikationsvorgangs oder zur Bereitstellung bestimmter, von Ihnen erw\u00fcnschter Funktionen (z.B. Warenkorbfunktion) erforderlich sind, werden auf Grundlage von Art. 6 Abs. 1 lit. f DSGVO gespeichert. Der Websitebetreiber hat ein berechtigtes Interesse an der Speicherung von Cookies zur technisch fehlerfreien und optimierten Bereitstellung seiner Dienste. Soweit andere Cookies (z.B. Cookies zur Analyse Ihres Surfverhaltens) gespeichert werden, werden diese in dieser Datenschutzerkl\u00e4rung gesondert behandelt.<\/span><\/h4><h3><strong><span style=\"color: #000000;\">Server-Log-Dateien<\/span><\/strong><\/h3><h4><span style=\"color: #000000;\">Der Provider der Seiten erhebt und speichert automatisch Informationen in so genannten Server-Log-Dateien, die Ihr Browser automatisch an uns \u00fcbermittelt. Dies sind:<\/span><\/h4><ul><li><span style=\"color: #000000;\">Browsertyp und Browserversion<\/span><\/li><li><span style=\"color: #000000;\">verwendetes Betriebssystem<\/span><\/li><li><span style=\"color: #000000;\">Referrer URL<\/span><\/li><li><span style=\"color: #000000;\">Hostname des zugreifenden Rechners<\/span><\/li><li><span style=\"color: #000000;\">Uhrzeit der Serveranfrage<\/span><\/li><li><span style=\"color: #000000;\">IP-Adresse<\/span><\/li><\/ul><h4><span style=\"color: #000000;\">Eine Zusammenf\u00fchrung dieser Daten mit anderen Datenquellen wird nicht vorgenommen.<\/span><\/h4><h4><span style=\"color: #000000;\">Grundlage f\u00fcr die Datenverarbeitung ist Art. 6 Abs. 1 lit. f DSGVO, der die Verarbeitung von Daten zur Erf\u00fcllung eines Vertrags oder vorvertraglicher Ma\u00dfnahmen gestattet.<\/span><\/h4>\t\t\t\t\t<\/div>\n\t\t\t\t\t\t<\/div>\n\t\t\t\t<\/div>\n\t\t\t\t\t\t<\/div>\n\t\t\t\t\t<\/div>\n\t\t<\/div>\n\t\t\t\t\t\t\t\t<\/div>\n\t\t\t\t\t<\/div>\n\t\t<\/section>\n\t\t\t\t<section class=\"elementor-section elementor-top-section elementor-element elementor-element-4a22318f elementor-hidden-desktop elementor-hidden-tablet elementor-section-stretched elementor-section-boxed elementor-section-height-default elementor-section-height-default\" data-id=\"4a22318f\" data-element_type=\"section\" data-settings=\"{&quot;background_background&quot;:&quot;classic&quot;,&quot;animation_mobile&quot;:&quot;none&quot;,&quot;stretch_section&quot;:&quot;section-stretched&quot;}\">\n\t\t\t\t\t\t<div class=\"elementor-container elementor-column-gap-default\">\n\t\t\t\t\t\t\t<div class=\"elementor-row\">\n\t\t\t\t\t<div class=\"elementor-column elementor-col-100 elementor-top-column elementor-element elementor-element-55183711\" data-id=\"55183711\" data-element_type=\"column\" data-settings=\"{&quot;animation_mobile&quot;:&quot;none&quot;}\">\n\t\t\t<div class=\"elementor-column-wrap elementor-element-populated\">\n\t\t\t\t\t\t\t<div class=\"elementor-widget-wrap\">\n\t\t\t\t\t\t<div class=\"elementor-element elementor-element-6b2faebe elementor-widget elementor-widget-text-editor\" data-id=\"6b2faebe\" data-element_type=\"widget\" data-settings=\"{&quot;_animation_mobile&quot;:&quot;none&quot;}\" data-widget_type=\"text-editor.default\">\n\t\t\t\t<div class=\"elementor-widget-container\">\n\t\t\t\t\t\t\t\t<div class=\"elementor-text-editor elementor-clearfix\">\n\t\t\t\t<p><span style=\"color: #000000;\"><span style=\"color: #0000ff;\"><a href=\"https:\/\/kommunikationerleben.de\/?page_id=208\">Kontakt<\/a><br \/><a href=\"https:\/\/kommunikationerleben.de\/?page_id=143\">Impressum<\/a><br \/><span style=\"color: #ffffff;\"><a href=\"https:\/\/kommunikationerleben.de\/?page_id=1725\">Datenschutz<\/a><\/span><\/span><\/span><\/p><p><span style=\"color: #ffffff;\">Doris Roller<br \/>Gustav-Schulenburg-Stra\u00dfe 51<br \/>76189 Karlsruhe<\/span><\/p>\t\t\t\t\t<\/div>\n\t\t\t\t\t\t<\/div>\n\t\t\t\t<\/div>\n\t\t\t\t\t\t<\/div>\n\t\t\t\t\t<\/div>\n\t\t<\/div>\n\t\t\t\t\t\t\t\t<\/div>\n\t\t\t\t\t<\/div>\n\t\t<\/section>\n\t\t\t\t\t\t<\/div>\n\t\t\t\t\t\t<\/div>\n\t\t\t\t\t<\/div>\n\t\t","protected":false},"excerpt":{"rendered":"<p>Datenschutzerkl\u00e4rung 1. Datenschutz auf einen Blick Allgemeine Hinweise Die folgenden Hinweise geben einen einfachen \u00dcberblick dar\u00fcber, was mit Ihren personenbezogenen Daten passiert, wenn Sie unsere Website besuchen. Personenbezogene Daten sind alle Daten, mit denen Sie pers\u00f6nlich identifiziert werden k\u00f6nnen. Ausf\u00fchrliche Informationen zum Thema Datenschutz entnehmen Sie unserer unter diesem Text aufgef\u00fchrten Datenschutzerkl\u00e4rung. Datenerfassung auf unserer &#8230; <a title=\"Datenschutzerkl\u00e4rung\" class=\"read-more\" href=\"https:\/\/kommunikationerleben.de\/?page_id=1725\">Weiterlesen &#8230;<\/a><\/p>\n","protected":false},"author":1,"featured_media":0,"parent":0,"menu_order":0,"comment_status":"closed","ping_status":"closed","template":"","meta":[],"_links":{"self":[{"href":"https:\/\/kommunikationerleben.de\/index.php?rest_route=\/wp\/v2\/pages\/1725"}],"collection":[{"href":"https:\/\/kommunikationerleben.de\/index.php?rest_route=\/wp\/v2\/pages"}],"about":[{"href":"https:\/\/kommunikationerleben.de\/index.php?rest_route=\/wp\/v2\/types\/page"}],"author":[{"embeddable":true,"href":"https:\/\/kommunikationerleben.de\/index.php?rest_route=\/wp\/v2\/users\/1"}],"replies":[{"embeddable":true,"href":"https:\/\/kommunikationerleben.de\/index.php?rest_route=%2Fwp%2Fv2%2Fcomments&post=1725"}],"version-history":[{"count":50,"href":"https:\/\/kommunikationerleben.de\/index.php?rest_route=\/wp\/v2\/pages\/1725\/revisions"}],"predecessor-version":[{"id":2047,"href":"https:\/\/kommunikationerleben.de\/index.php?rest_route=\/wp\/v2\/pages\/1725\/revisions\/2047"}],"wp:attachment":[{"href":"https:\/\/kommunikationerleben.de\/index.php?rest_route=%2Fwp%2Fv2%2Fmedia&parent=1725"}],"curies":[{"name":"wp","href":"https:\/\/api.w.org\/{rel}","templated":true}]}}